{"id":17,"date":"2016-09-28T11:32:48","date_gmt":"2016-09-28T09:32:48","guid":{"rendered":"http:\/\/raumausstattung-boeckmann.de\/wordpress\/?page_id=17"},"modified":"2023-03-09T10:36:14","modified_gmt":"2023-03-09T09:36:14","slug":"ueber-uns","status":"publish","type":"page","link":"http:\/\/raumausstattung-boeckmann.de\/en\/about-us\/","title":{"rendered":"About us"},"content":{"rendered":"<h2>\u00dcber uns<\/h2>\n<p><strong>Dieter B\u00f6ckmann &#8211; der Polster- und Dekorateur-Meister<br \/>\n<\/strong><\/p>\n<p>Seit 1981 steht der Name f\u00fcr h\u00f6chste Qualit\u00e4t im Bereich der exklusiven\u00a0Raumausstattung. F\u00fcr unser traditionelles Handwerksunternehmen ist es von gr\u00f6\u00dfter Bedeutung, immer auf\u00a0der H\u00f6he der Zeit zu sein.<\/p>\n<p><strong>Unsere Geschichte beginnt in Ballstedt&#8230;<\/strong><\/p>\n<ul>\n<li><strong>1981 <\/strong>bekommt Dieter B\u00f6ckmann seine Meister-Urkunde \u00fcberreicht<\/li>\n<li><strong>1981<\/strong> wird das Einzelunternehmen gegr\u00fcndet, damit beginnt die Selbstst\u00e4ndigkeit, zun\u00e4chst in Ballstedt<\/li>\n<li><strong>1989 <\/strong>beginnt die Ausbildung des 1. Lehrlings<\/li>\n<li><strong>1996<\/strong> zieht das Unternehmen in die Gesch\u00e4ftsr\u00e4ume in der Schillerstra\u00dfe 54 in Erfurt<\/li>\n<li><strong>1999 <\/strong>wird\u00a0 die von Dieter B\u00f6ckmann ausgebildete Gesellin Landessiegerin des Freistaats Th\u00fcringen, damit erh\u00e4lt das Unternehmen die Auszeichnung f\u00fcr herausragende Ergebnisse bei der beruflichen Ausbildung im Handwerk<\/li>\n<li><strong>2000 <\/strong>ist ein erneuter Umzug, dieses Mal in gr\u00f6\u00dfere Gesch\u00e4ftsr\u00e4ume\u00a0in der Charlottenstra\u00dfe 9 in Erfurt, n\u00f6tig<\/li>\n<\/ul>\n","protected":false},"excerpt":{"rendered":"<p>\u00dcber uns Dieter B\u00f6ckmann &#8211; der Polster- und Dekorateur-Meister Seit 1981 steht der Name f\u00fcr h\u00f6chste Qualit\u00e4t im Bereich der exklusiven\u00a0Raumausstattung. F\u00fcr unser traditionelles Handwerksunternehmen ist es von gr\u00f6\u00dfter Bedeutung, immer auf\u00a0der H\u00f6he der Zeit zu sein. Unsere Geschichte beginnt in Ballstedt&#8230; 1981 bekommt Dieter&#8230;<\/p>\n","protected":false},"author":1,"featured_media":0,"parent":0,"menu_order":0,"comment_status":"closed","ping_status":"closed","template":"","meta":[],"_links":{"self":[{"href":"http:\/\/raumausstattung-boeckmann.de\/en\/wp-json\/wp\/v2\/pages\/17"}],"collection":[{"href":"http:\/\/raumausstattung-boeckmann.de\/en\/wp-json\/wp\/v2\/pages"}],"about":[{"href":"http:\/\/raumausstattung-boeckmann.de\/en\/wp-json\/wp\/v2\/types\/page"}],"author":[{"embeddable":true,"href":"http:\/\/raumausstattung-boeckmann.de\/en\/wp-json\/wp\/v2\/users\/1"}],"replies":[{"embeddable":true,"href":"http:\/\/raumausstattung-boeckmann.de\/en\/wp-json\/wp\/v2\/comments?post=17"}],"version-history":[{"count":13,"href":"http:\/\/raumausstattung-boeckmann.de\/en\/wp-json\/wp\/v2\/pages\/17\/revisions"}],"predecessor-version":[{"id":992,"href":"http:\/\/raumausstattung-boeckmann.de\/en\/wp-json\/wp\/v2\/pages\/17\/revisions\/992"}],"wp:attachment":[{"href":"http:\/\/raumausstattung-boeckmann.de\/en\/wp-json\/wp\/v2\/media?parent=17"}],"curies":[{"name":"wp","href":"https:\/\/api.w.org\/{rel}","templated":true}]}}