{"id":9,"date":"2016-09-27T19:26:48","date_gmt":"2016-09-27T17:26:48","guid":{"rendered":"http:\/\/raumausstattung-boeckmann.de\/wordpress\/?page_id=9"},"modified":"2023-03-09T10:22:50","modified_gmt":"2023-03-09T09:22:50","slug":"home","status":"publish","type":"page","link":"http:\/\/raumausstattung-boeckmann.de\/en\/","title":{"rendered":"Home"},"content":{"rendered":"<h2>Der Polster- &amp; Dekorateur-Meister seit 1981<\/h2>\n<h2 style=\"text-align: center;\">Wer wir sind<\/h2>\n<p style=\"text-align: center;\">Der Name\u00a0Dieter B\u00f6ckmann steht schon seit \u00a01981 f\u00fcr h\u00f6chste Qualit\u00e4t im Bereich der exklusiven\u00a0Raumausstattung, wie der Polsterei, Dekoration, Bodenbel\u00e4ge, Wandbespannung, Sonnen- und Sichtschutz. F\u00fcr unser traditionelles Handwerksunternehmen ist es von gr\u00f6\u00dfter Bedeutung\u00a0immer auf\u00a0der H\u00f6he der Zeit zu sein.<\/p>\n<div class='image_hover ' style='' data-transition-delay=''><div class='images_holder'><a itemprop='url' href='\/leistungen' target='_self'><img itemprop='image' class='active_image ' src='http:\/\/raumausstattung-boeckmann.de\/wordpress\/wp-content\/uploads\/AdobeStock_58181141.jpg' alt='' style='' \/><img itemprop='image' class='hover_image' src='http:\/\/raumausstattung-boeckmann.de\/wordpress\/wp-content\/uploads\/AdobeStock_58181141_ol.jpg' alt='' style='' \/><\/a><\/div><\/div>\n<h2 style=\"text-align: center;\">Was wir tun<\/h2>\n<p style=\"text-align: center;\">Gute Leistungen sind auch immer Vertrauenssache \u2013 das ist die Basis unserer Arbeit. Wir sind vom ersten Gespr\u00e4ch \u00fcber die Planung bis zur Umsetzung und \u00dcbergabe an Ihrer Seite. Kompetent, pers\u00f6nlich und zuverl\u00e4ssig \u2013 mit umfassenden Serviceleistungen auf allen Ebenen sehen wir jede Aufgabe als Ganzes. Bei uns ist (fast) alles m\u00f6glich.<\/p>\n<p style=\"text-align: center;\"><span id=\"selectable\">\u00a0<\/span><\/p>\n<div class='image_hover ' style='' data-transition-delay=''><div class='images_holder'><a itemprop='url' href='\/referenzen' target='_self'><img itemprop='image' class='active_image ' src='http:\/\/raumausstattung-boeckmann.de\/wordpress\/wp-content\/uploads\/Referenzen.jpg' alt='' style='' \/><img itemprop='image' class='hover_image' src='http:\/\/raumausstattung-boeckmann.de\/wordpress\/wp-content\/uploads\/Referenzen_OL.jpg' alt='' style='' \/><\/a><\/div><\/div>\n<h2 style=\"text-align: center;\">Wie wir arbeiten<\/h2>\n<p style=\"text-align: center;\">Wir erarbeiten f\u00fcr Sie individuelle L\u00f6sungen, die speziell f\u00fcr Sie abgestimmt sind, die dann durch\u00a0unser Fachpersonal praxisgerecht\u00a0umgesetzt\u00a0\u00a0werden. Beraten wird nicht nur der Privatkunde, auch im Objektbereich hat die Firma Raumausstattung B\u00f6ckmann bereits viele Auftr\u00e4ge kompetent und meisterhaft ausgef\u00fchrt.<\/p>\n<p style=\"text-align: center;\"><span id=\"selectable\">\u00a0<\/span><\/p>\n<p><div class='cover_boxes' data-active-element='1'><ul class='clearfix'><li><div class='box'><a itemprop='url' class='thumb' href='' target='_self'><img itemprop='image' alt='' src='' \/><\/a><div class='box_content'><h3 ><\/h3><p ><\/p><\/div><\/div><\/li><li><div class='box'><a itemprop='url' class='thumb' href='\/bodenbelaege' target='_self'><img itemprop='image' alt='Bodenbel\u00e4ge' src='http:\/\/raumausstattung-boeckmann.de\/wordpress\/wp-content\/uploads\/treppenbelag5.jpg' \/><\/a><div class='box_content'><h3 >Bodenbel\u00e4ge<\/h3><p >Die Wahl des passenden Bodenbelags bildet die Grundlage f\u00fcr Ihre Wohlf\u00fchlatmosph\u00e4re.<\/p><a itemprop='url' class='qbutton tiny' href='\/bodenbelaege' target='_self'>Mehr<\/a><\/div><\/div><\/li><li><div class='box'><a itemprop='url' class='thumb' href='\/dekorationen' target='_self'><img itemprop='image' alt='Dekoration' src='http:\/\/raumausstattung-boeckmann.de\/wordpress\/wp-content\/uploads\/Hoepke_Loop6_5.jpg' \/><\/a><div class='box_content'><h3 >Dekoration<\/h3><p >Wir helfen Ihnen, Ihre Wohnr\u00e4ume mit Ihrer ganz pers\u00f6nlichen Note zu gestalten.<\/p><a itemprop='url' class='qbutton tiny' href='\/dekorationen' target='_self'>Mehr<\/a><\/div><\/div><\/li><\/ul><\/div><div class='cover_boxes' data-active-element='3'><ul class='clearfix'><li><div class='box'><a itemprop='url' class='thumb' href='\/sonnenschutz' target='_self'><img itemprop='image' alt='Sonnenschutz' src='http:\/\/raumausstattung-boeckmann.de\/wordpress\/wp-content\/uploads\/erfal_Plissees_11.jpg' \/><\/a><div class='box_content'><h3 >Sonnenschutz<\/h3><p >Plissees, Jalousien, Rollos, Markisen - nahezu unbegrenzte M\u00f6glichkeiten<\/p><a itemprop='url' class='qbutton tiny' href='\/sonnenschutz' target='_self'>Mehr<\/a><\/div><\/div><\/li><li><div class='box'><a itemprop='url' class='thumb' href='\/wandbespannung' target='_self'><img itemprop='image' alt='Wandbespannung' src='http:\/\/raumausstattung-boeckmann.de\/wordpress\/wp-content\/uploads\/Esser_Wandbespannung.jpg' \/><\/a><div class='box_content'><h3 >Wandbespannung<\/h3><p >Eine sehr edle Alternative zu Tapete oder Farbauftrag.<\/p><a itemprop='url' class='qbutton tiny' href='\/wandbespannung' target='_self'>Mehr<\/a><\/div><\/div><\/li><li><div class='box'><a itemprop='url' class='thumb' href='\/beratung' target='_self'><img itemprop='image' alt='Beratung' src='http:\/\/raumausstattung-boeckmann.de\/wordpress\/wp-content\/uploads\/Beratung.jpg' \/><\/a><div class='box_content'><h3 >Beratung<\/h3><p >Von der Idee \u00fcber die Planung bis zur Umsetzung werden Ihre Wohntr\u00e4ume wahr<\/p><a itemprop='url' class='qbutton tiny' href='\/beratung' target='_self'>Mehr<\/a><\/div><\/div><\/li><\/ul><\/div><div class=\"call_to_action normal\" style=\"background-color: #61121a;padding-top: 40px;\"><div class=\"container_inner\"><div class=\"two_columns_75_25 clearfix\"><div class=\"text_wrapper column1\"><div class=\"call_to_action_text  font_size_inherit font_weight_inherit\" style=\"font-size:24px;font-weight: 500;\"><\/p>\n<h4><span style=\"color: #ffffff;\">Neugierig?<\/span><\/h4>\n<p><span style=\"color: #ffffff;\">Jetzt unverbindlichen Beratungstermin vereinbaren!<\/span><\/div><\/div><div class=\"button_wrapper column2\"><a itemprop=\"url\" href=\"javascript: void(0)\" class=\"qbutton white \" target=\"\" style=\"color: #ffffff;border-color: #ffffff;\"data-hover-background-color=#ffffff data-hover-color=#61121a>Kontakt<\/a><\/div><\/div><\/div><\/div><\/p>\n<h2 style=\"text-align: center;\">Wir arbeiten mit:<\/h2>\n<div class='qode_carousels_holder clearfix'><div class='qode_carousels' data-number-of-visible-items=''><ul class='slides'><li class='item'><div class=\"carousel_item_holder\"><a itemprop='url' href='http:\/\/www.vorwerk-teppich.de' target='_blank'><span class='first_image_holder has_hover_image'><img itemprop=\"image\" src=\"http:\/\/raumausstattung-boeckmann.de\/wordpress\/wp-content\/uploads\/vorwerk-flooring_g.png\" alt=\"carousel image\" \/><\/span><span class='second_image_holder has_hover_image'><img itemprop=\"image\" src=\"http:\/\/raumausstattung-boeckmann.de\/wordpress\/wp-content\/uploads\/vorwerk-flooring.png\" alt=\"carousel image\" \/><\/span><\/a><\/div><\/li><li class='item'><div class=\"carousel_item_holder\"><a itemprop='url' href='http:\/\/www.mhz.de\/' target='_blank'><span class='first_image_holder has_hover_image'><img itemprop=\"image\" src=\"http:\/\/raumausstattung-boeckmann.de\/wordpress\/wp-content\/uploads\/mhz_g.png\" alt=\"carousel image\" \/><\/span><span class='second_image_holder has_hover_image'><img itemprop=\"image\" src=\"http:\/\/raumausstattung-boeckmann.de\/wordpress\/wp-content\/uploads\/mhz.png\" alt=\"carousel image\" \/><\/span><\/a><\/div><\/li><li class='item'><div class=\"carousel_item_holder\"><a itemprop='url' href='https:\/\/www.jab.de\/' target='_blank'><span class='first_image_holder has_hover_image'><img itemprop=\"image\" src=\"http:\/\/raumausstattung-boeckmann.de\/wordpress\/wp-content\/uploads\/jab_g.png\" alt=\"carousel image\" \/><\/span><span class='second_image_holder has_hover_image'><img itemprop=\"image\" src=\"http:\/\/raumausstattung-boeckmann.de\/wordpress\/wp-content\/uploads\/jab.png\" alt=\"carousel image\" \/><\/span><\/a><\/div><\/li><li class='item'><div class=\"carousel_item_holder\"><a itemprop='url' href='http:\/\/interstil.de\/' target='_blank'><span class='first_image_holder has_hover_image'><img itemprop=\"image\" src=\"http:\/\/raumausstattung-boeckmann.de\/wordpress\/wp-content\/uploads\/interstil_g.png\" alt=\"carousel image\" \/><\/span><span class='second_image_holder has_hover_image'><img itemprop=\"image\" src=\"http:\/\/raumausstattung-boeckmann.de\/wordpress\/wp-content\/uploads\/interstil.png\" alt=\"carousel image\" \/><\/span><\/a><\/div><\/li><li class='item'><div class=\"carousel_item_holder\"><a itemprop='url' href='http:\/\/hoepke.de\/' target='_blank'><span class='first_image_holder has_hover_image'><img itemprop=\"image\" src=\"http:\/\/raumausstattung-boeckmann.de\/wordpress\/wp-content\/uploads\/hoepke_g.png\" alt=\"carousel image\" \/><\/span><span class='second_image_holder has_hover_image'><img itemprop=\"image\" src=\"http:\/\/raumausstattung-boeckmann.de\/wordpress\/wp-content\/uploads\/hoepke.png\" alt=\"carousel image\" \/><\/span><\/a><\/div><\/li><li class='item'><div class=\"carousel_item_holder\"><a itemprop='url' href='http:\/\/www.heco-textilverlag.com\/' target='_blank'><span class='first_image_holder has_hover_image'><img itemprop=\"image\" src=\"http:\/\/raumausstattung-boeckmann.de\/wordpress\/wp-content\/uploads\/heco_g.png\" alt=\"carousel image\" \/><\/span><span class='second_image_holder has_hover_image'><img itemprop=\"image\" src=\"http:\/\/raumausstattung-boeckmann.de\/wordpress\/wp-content\/uploads\/heco.png\" alt=\"carousel image\" \/><\/span><\/a><\/div><\/li><li class='item'><div class=\"carousel_item_holder\"><a itemprop='url' href='http:\/\/www.erfal.de\/' target='_blank'><span class='first_image_holder has_hover_image'><img itemprop=\"image\" src=\"http:\/\/raumausstattung-boeckmann.de\/wordpress\/wp-content\/uploads\/erfal_g.png\" alt=\"carousel image\" \/><\/span><span class='second_image_holder has_hover_image'><img itemprop=\"image\" src=\"http:\/\/raumausstattung-boeckmann.de\/wordpress\/wp-content\/uploads\/erfal.png\" alt=\"carousel image\" \/><\/span><\/a><\/div><\/li><li class='item'><div class=\"carousel_item_holder\"><a itemprop='url' href='http:\/\/bielefelder-werkstaetten.de\/' target='_blank'><span class='first_image_holder has_hover_image'><img itemprop=\"image\" src=\"http:\/\/raumausstattung-boeckmann.de\/wordpress\/wp-content\/uploads\/bielefelder-werkstaetten_g.png\" alt=\"carousel image\" \/><\/span><span class='second_image_holder has_hover_image'><img itemprop=\"image\" src=\"http:\/\/raumausstattung-boeckmann.de\/wordpress\/wp-content\/uploads\/bielefelder-werkstaetten.png\" alt=\"carousel image\" \/><\/span><\/a><\/div><\/li><li class='item'><div class=\"carousel_item_holder\"><a itemprop='url' href='http:\/\/www.backhausen.com\/' target='_blank'><span class='first_image_holder has_hover_image'><img itemprop=\"image\" src=\"http:\/\/raumausstattung-boeckmann.de\/wordpress\/wp-content\/uploads\/backhausen_g.png\" alt=\"carousel image\" \/><\/span><span class='second_image_holder has_hover_image'><img itemprop=\"image\" src=\"http:\/\/raumausstattung-boeckmann.de\/wordpress\/wp-content\/uploads\/backhausen.png\" alt=\"carousel image\" \/><\/span><\/a><\/div><\/li><li class='item'><div class=\"carousel_item_holder\"><a itemprop='url' href='http:\/\/www.anker-teppichboden.de\/' target='_blank'><span class='first_image_holder has_hover_image'><img itemprop=\"image\" src=\"http:\/\/raumausstattung-boeckmann.de\/wordpress\/wp-content\/uploads\/anker_g.png\" alt=\"carousel image\" \/><\/span><span class='second_image_holder has_hover_image'><img itemprop=\"image\" src=\"http:\/\/raumausstattung-boeckmann.de\/wordpress\/wp-content\/uploads\/anker.png\" alt=\"carousel image\" \/><\/span><\/a><\/div><\/li><li class='item'><div class=\"carousel_item_holder\"><a itemprop='url' href='http:\/\/www.essener-tapeten.de\/' target='_blank'><span class='first_image_holder has_hover_image'><img itemprop=\"image\" src=\"http:\/\/raumausstattung-boeckmann.de\/wordpress\/wp-content\/uploads\/essener-tapeten_g.png\" alt=\"carousel image\" \/><\/span><span class='second_image_holder has_hover_image'><img itemprop=\"image\" src=\"http:\/\/raumausstattung-boeckmann.de\/wordpress\/wp-content\/uploads\/essener-tapeten.png\" alt=\"carousel image\" \/><\/span><\/a><\/div><\/li><li class='item'><div class=\"carousel_item_holder\"><a itemprop='url' href='https:\/\/www.schnieder.com\/' target='_blank'><span class='first_image_holder has_hover_image'><img itemprop=\"image\" src=\"http:\/\/raumausstattung-boeckmann.de\/wordpress\/wp-content\/uploads\/schnieder_g.png\" alt=\"carousel image\" \/><\/span><span class='second_image_holder has_hover_image'><img itemprop=\"image\" src=\"http:\/\/raumausstattung-boeckmann.de\/wordpress\/wp-content\/uploads\/schnieder.png\" alt=\"carousel image\" \/><\/span><\/a><\/div><\/li><li class='item'><div class=\"carousel_item_holder\"><a itemprop='url' href='https:\/\/www.mega.de\/' target='_blank'><span class='first_image_holder has_hover_image'><img itemprop=\"image\" src=\"http:\/\/raumausstattung-boeckmann.de\/wordpress\/wp-content\/uploads\/mega-g.png\" alt=\"carousel image\" \/><\/span><span class='second_image_holder has_hover_image'><img itemprop=\"image\" src=\"http:\/\/raumausstattung-boeckmann.de\/wordpress\/wp-content\/uploads\/mega.png\" alt=\"carousel image\" \/><\/span><\/a><\/div><\/li><\/ul><\/div><\/div>\n","protected":false},"excerpt":{"rendered":"<p>Der Polster- &amp; Dekorateur-Meister seit 1981 Wer wir sind Der Name\u00a0Dieter B\u00f6ckmann steht schon seit \u00a01981 f\u00fcr h\u00f6chste Qualit\u00e4t im Bereich der exklusiven\u00a0Raumausstattung, wie der Polsterei, Dekoration, Bodenbel\u00e4ge, Wandbespannung, Sonnen- und Sichtschutz. F\u00fcr unser traditionelles Handwerksunternehmen ist es von gr\u00f6\u00dfter Bedeutung\u00a0immer auf\u00a0der H\u00f6he der Zeit&#8230;<\/p>\n","protected":false},"author":1,"featured_media":0,"parent":0,"menu_order":0,"comment_status":"closed","ping_status":"closed","template":"full_width.php","meta":[],"_links":{"self":[{"href":"http:\/\/raumausstattung-boeckmann.de\/en\/wp-json\/wp\/v2\/pages\/9"}],"collection":[{"href":"http:\/\/raumausstattung-boeckmann.de\/en\/wp-json\/wp\/v2\/pages"}],"about":[{"href":"http:\/\/raumausstattung-boeckmann.de\/en\/wp-json\/wp\/v2\/types\/page"}],"author":[{"embeddable":true,"href":"http:\/\/raumausstattung-boeckmann.de\/en\/wp-json\/wp\/v2\/users\/1"}],"replies":[{"embeddable":true,"href":"http:\/\/raumausstattung-boeckmann.de\/en\/wp-json\/wp\/v2\/comments?post=9"}],"version-history":[{"count":203,"href":"http:\/\/raumausstattung-boeckmann.de\/en\/wp-json\/wp\/v2\/pages\/9\/revisions"}],"predecessor-version":[{"id":967,"href":"http:\/\/raumausstattung-boeckmann.de\/en\/wp-json\/wp\/v2\/pages\/9\/revisions\/967"}],"wp:attachment":[{"href":"http:\/\/raumausstattung-boeckmann.de\/en\/wp-json\/wp\/v2\/media?parent=9"}],"curies":[{"name":"wp","href":"https:\/\/api.w.org\/{rel}","templated":true}]}}